{"id":449,"date":"2022-03-07T11:36:10","date_gmt":"2022-03-07T10:36:10","guid":{"rendered":"https:\/\/wiazownica.przemyska.pl\/?page_id=449"},"modified":"2022-03-27T14:42:02","modified_gmt":"2022-03-27T12:42:02","slug":"liturgiczna-sluzba-oltarza","status":"publish","type":"page","link":"https:\/\/wiazownica.przemyska.pl\/index.php\/grupy-parafialne\/liturgiczna-sluzba-oltarza\/","title":{"rendered":"Liturgiczna S\u0142u\u017cba O\u0142tarza"},"content":{"rendered":"\t\t<div data-elementor-type=\"wp-page\" data-elementor-id=\"449\" class=\"elementor elementor-449\">\n\t\t\t\t\t\t<section class=\"elementor-section elementor-top-section elementor-element elementor-element-432443f2 elementor-section-boxed elementor-section-height-default elementor-section-height-default\" data-id=\"432443f2\" data-element_type=\"section\" data-e-type=\"section\">\n\t\t\t\t\t\t<div class=\"elementor-container elementor-column-gap-default\">\n\t\t\t\t\t<div class=\"elementor-column elementor-col-100 elementor-top-column elementor-element elementor-element-218175e6\" data-id=\"218175e6\" data-element_type=\"column\" data-e-type=\"column\">\n\t\t\t<div class=\"elementor-widget-wrap elementor-element-populated\">\n\t\t\t\t\t\t<div class=\"elementor-element elementor-element-1c8f7b64 elementor-widget elementor-widget-image\" data-id=\"1c8f7b64\" data-element_type=\"widget\" data-e-type=\"widget\" data-widget_type=\"image.default\">\n\t\t\t\t<div class=\"elementor-widget-container\">\n\t\t\t\t\t\t\t\t\t\t\t\t\t\t\t<img fetchpriority=\"high\" decoding=\"async\" width=\"537\" height=\"125\" src=\"https:\/\/wiazownica.przemyska.pl\/wp-content\/uploads\/2022\/03\/images-52.jpg\" class=\"attachment-large size-large wp-image-872\" alt=\"\" srcset=\"https:\/\/wiazownica.przemyska.pl\/wp-content\/uploads\/2022\/03\/images-52.jpg 537w, https:\/\/wiazownica.przemyska.pl\/wp-content\/uploads\/2022\/03\/images-52-300x70.jpg 300w\" sizes=\"(max-width: 537px) 100vw, 537px\" \/>\t\t\t\t\t\t\t\t\t\t\t\t\t\t\t<\/div>\n\t\t\t\t<\/div>\n\t\t\t\t\t<\/div>\n\t\t<\/div>\n\t\t\t\t\t<\/div>\n\t\t<\/section>\n\t\t\t\t<section class=\"elementor-section elementor-top-section elementor-element elementor-element-51fed8fb elementor-section-boxed elementor-section-height-default elementor-section-height-default\" data-id=\"51fed8fb\" data-element_type=\"section\" data-e-type=\"section\">\n\t\t\t\t\t\t<div class=\"elementor-container elementor-column-gap-default\">\n\t\t\t\t\t<div class=\"elementor-column elementor-col-100 elementor-top-column elementor-element elementor-element-4e143157\" data-id=\"4e143157\" data-element_type=\"column\" data-e-type=\"column\">\n\t\t\t<div class=\"elementor-widget-wrap elementor-element-populated\">\n\t\t\t\t\t\t<div class=\"elementor-element elementor-element-451c3621 elementor-widget elementor-widget-text-editor\" data-id=\"451c3621\" data-element_type=\"widget\" data-e-type=\"widget\" data-widget_type=\"text-editor.default\">\n\t\t\t\t<div class=\"elementor-widget-container\">\n\t\t\t\t\t\t\t\t\t<div class=\"elementor-section-wrap ui-sortable\">\n<section id=\"\" class=\"elementor-element elementor-element-edit-mode elementor-element-4bf16448 elementor-section elementor-top-section elementor-section-boxed elementor-section-height-default\" data-id=\"4bf16448\" data-element_type=\"section\" data-model-cid=\"c30\">\n<div class=\"elementor-container elementor-column-gap-default ui-sortable\">\n<div id=\"\" class=\"elementor-element elementor-element-edit-mode elementor-element-434b8c95 elementor-element--toggle-edit-tools elementor-column elementor-top-column ui-resizable\" data-id=\"434b8c95\" data-element_type=\"column\" data-col=\"100\" data-model-cid=\"c31\">\n<div class=\"elementor-widget-wrap elementor-element-populated ui-sortable\">\n<div id=\"\" class=\"elementor-element elementor-element-edit-mode elementor-element-5c0f8873 elementor-element--toggle-edit-tools elementor-widget elementor-widget-text-editor elementor-element-editable\" data-id=\"5c0f8873\" data-element_type=\"widget\" data-model-cid=\"c32\" data-widget_type=\"text-editor.default\">\n<div class=\"elementor-widget-container\">\n<div class=\"elementor-text-editor elementor-clearfix elementor-inline-editing pen\" contenteditable=\"true\" data-elementor-setting-key=\"editor\" data-elementor-inline-editing-toolbar=\"advanced\" data-pen-placeholder=\"Pisz tutaj...\">\n<p><span style=\"color: #393939;\">Liturgiczna S\u0142u\u017cba O\u0142tarza to duszpasterstwo zrzeszaj\u0105ce ch\u0142opc\u00f3w, kt\u00f3rzy pragn\u0105 by\u0107 bli\u017cej Boga i bli\u017cej Chrystusa eucharystycznego. S\u0142owo ministrant oznacza s\u0142u\u017cy\u0107, pomaga\u0107 i takie jest nasze zadanie-s\u0142u\u017cy\u0107 Jezusowi przy o\u0142tarzu. Ministranci naszej parafii przygotowuj\u0105 zar\u00f3wno du\u017ce uroczysto\u015bci (np. Triduum Paschalne, \u015awi\u0119ta Bo\u017cego Narodzenia) jak i codzienne liturgie oraz nabo\u017ce\u0144stwa.<\/span><\/p>\n<p><span style=\"color: #393939;\">G\u0142\u00f3wnym zadaniem ministrant\u00f3w jest odpowiednia oprawa Liturgii S\u0142owa, za tak\u017ce przygotowywanie o\u0142tarza i pomaganie ksi\u0119dzu podczas liturgii.<\/span><\/p>\n<p><span style=\"color: #393939;\">Ministranci maj\u0105 r\u00f3wnie\u017c swoich \u015bwi\u0119tych patron\u00f3w, kt\u00f3rych historie poznawali\u015bmy na naszych spotkaniach. Patronami ministrant\u00f3w i lektor\u00f3w s\u0105: \u015bw. Dominik Savio, \u015bw. Jan Berchmans (SJ), \u015bw. Stanis\u0142aw Kostka (SJ), \u015bw. Tarsycjusz i \u015bw. Jan Bosco.<\/span><\/p>\n<\/div>\n<\/div>\n<\/div>\n<\/div>\n<\/div>\n<\/div>\n<\/section>\n<\/div>\t\t\t\t\t\t\t\t<\/div>\n\t\t\t\t<\/div>\n\t\t\t\t\t<\/div>\n\t\t<\/div>\n\t\t\t\t\t<\/div>\n\t\t<\/section>\n\t\t\t\t<\/div>\n\t\t","protected":false},"excerpt":{"rendered":"<p>Liturgiczna S\u0142u\u017cba O\u0142tarza to duszpasterstwo zrzeszaj\u0105ce ch\u0142opc\u00f3w, kt\u00f3rzy pragn\u0105 by\u0107 bli\u017cej Boga i bli\u017cej Chrystusa eucharystycznego. S\u0142owo ministrant oznacza s\u0142u\u017cy\u0107, pomaga\u0107 i takie jest nasze zadanie-s\u0142u\u017cy\u0107 Jezusowi przy o\u0142tarzu. Ministranci naszej parafii przygotowuj\u0105 zar\u00f3wno du\u017ce uroczysto\u015bci (np. Triduum Paschalne, \u015awi\u0119ta Bo\u017cego Narodzenia) jak i codzienne liturgie oraz nabo\u017ce\u0144stwa. G\u0142\u00f3wnym zadaniem ministrant\u00f3w jest odpowiednia oprawa Liturgii&hellip;&nbsp;<a href=\"https:\/\/wiazownica.przemyska.pl\/index.php\/grupy-parafialne\/liturgiczna-sluzba-oltarza\/\" rel=\"bookmark\">Dowiedz si\u0119 wi\u0119cej &raquo;<span class=\"screen-reader-text\">Liturgiczna S\u0142u\u017cba O\u0142tarza<\/span><\/a><\/p>\n","protected":false},"author":1,"featured_media":0,"parent":435,"menu_order":0,"comment_status":"closed","ping_status":"closed","template":"","meta":{"neve_meta_sidebar":"","neve_meta_container":"","neve_meta_enable_content_width":"","neve_meta_content_width":0,"neve_meta_title_alignment":"","neve_meta_author_avatar":"","neve_post_elements_order":"","neve_meta_disable_header":"","neve_meta_disable_footer":"","neve_meta_disable_title":"","footnotes":""},"class_list":["post-449","page","type-page","status-publish","hentry"],"_links":{"self":[{"href":"https:\/\/wiazownica.przemyska.pl\/index.php\/wp-json\/wp\/v2\/pages\/449","targetHints":{"allow":["GET"]}}],"collection":[{"href":"https:\/\/wiazownica.przemyska.pl\/index.php\/wp-json\/wp\/v2\/pages"}],"about":[{"href":"https:\/\/wiazownica.przemyska.pl\/index.php\/wp-json\/wp\/v2\/types\/page"}],"author":[{"embeddable":true,"href":"https:\/\/wiazownica.przemyska.pl\/index.php\/wp-json\/wp\/v2\/users\/1"}],"replies":[{"embeddable":true,"href":"https:\/\/wiazownica.przemyska.pl\/index.php\/wp-json\/wp\/v2\/comments?post=449"}],"version-history":[{"count":8,"href":"https:\/\/wiazownica.przemyska.pl\/index.php\/wp-json\/wp\/v2\/pages\/449\/revisions"}],"predecessor-version":[{"id":2879,"href":"https:\/\/wiazownica.przemyska.pl\/index.php\/wp-json\/wp\/v2\/pages\/449\/revisions\/2879"}],"up":[{"embeddable":true,"href":"https:\/\/wiazownica.przemyska.pl\/index.php\/wp-json\/wp\/v2\/pages\/435"}],"wp:attachment":[{"href":"https:\/\/wiazownica.przemyska.pl\/index.php\/wp-json\/wp\/v2\/media?parent=449"}],"curies":[{"name":"wp","href":"https:\/\/api.w.org\/{rel}","templated":true}]}}