{"id":413,"date":"2022-03-07T11:21:03","date_gmt":"2022-03-07T10:21:03","guid":{"rendered":"https:\/\/wiazownica.przemyska.pl\/?page_id=413"},"modified":"2025-02-19T07:17:21","modified_gmt":"2025-02-19T06:17:21","slug":"duszpasterze","status":"publish","type":"page","link":"https:\/\/wiazownica.przemyska.pl\/index.php\/parafia\/duszpasterze\/","title":{"rendered":"Duszpasterze"},"content":{"rendered":"\t\t<div data-elementor-type=\"wp-page\" data-elementor-id=\"413\" class=\"elementor elementor-413\">\n\t\t\t\t\t\t<section class=\"elementor-section elementor-top-section elementor-element elementor-element-04c3833 elementor-section-boxed elementor-section-height-default elementor-section-height-default\" data-id=\"04c3833\" data-element_type=\"section\" data-e-type=\"section\">\n\t\t\t\t\t\t<div class=\"elementor-container elementor-column-gap-default\">\n\t\t\t\t\t<div class=\"elementor-column elementor-col-50 elementor-top-column elementor-element elementor-element-288f30f\" data-id=\"288f30f\" data-element_type=\"column\" data-e-type=\"column\">\n\t\t\t<div class=\"elementor-widget-wrap elementor-element-populated\">\n\t\t\t\t\t\t<div class=\"elementor-element elementor-element-171abd8 elementor-widget elementor-widget-image\" data-id=\"171abd8\" data-element_type=\"widget\" data-e-type=\"widget\" data-widget_type=\"image.default\">\n\t\t\t\t<div class=\"elementor-widget-container\">\n\t\t\t\t\t\t\t\t\t\t\t\t\t\t\t<img fetchpriority=\"high\" decoding=\"async\" width=\"221\" height=\"257\" src=\"https:\/\/wiazownica.przemyska.pl\/wp-content\/uploads\/2025\/02\/Bober-2.jpg\" class=\"attachment-large size-large wp-image-8208\" alt=\"\" \/>\t\t\t\t\t\t\t\t\t\t\t\t\t\t\t<\/div>\n\t\t\t\t<\/div>\n\t\t\t\t<div class=\"elementor-element elementor-element-db59319 elementor-widget elementor-widget-text-editor\" data-id=\"db59319\" data-element_type=\"widget\" data-e-type=\"widget\" data-widget_type=\"text-editor.default\">\n\t\t\t\t<div class=\"elementor-widget-container\">\n\t\t\t\t\t\t\t\t\t<h3 style=\"text-align: center;\"><span style=\"color: #000080;\">Proboszcz<\/span><\/h3><p style=\"text-align: center;\"><span style=\"color: #393939;\"><strong>Ksi\u0105dz dr Jan Bober<\/strong><\/span><\/p><p style=\"text-align: center;\">Data \u015bwi\u0119ce\u0144: 26.05.1996 r. <br \/>W parafii od sierpnia 2021 r.<\/p>\t\t\t\t\t\t\t\t<\/div>\n\t\t\t\t<\/div>\n\t\t\t\t\t<\/div>\n\t\t<\/div>\n\t\t\t\t<div class=\"elementor-column elementor-col-50 elementor-top-column elementor-element elementor-element-962b8d7\" data-id=\"962b8d7\" data-element_type=\"column\" data-e-type=\"column\">\n\t\t\t<div class=\"elementor-widget-wrap elementor-element-populated\">\n\t\t\t\t\t\t<div class=\"elementor-element elementor-element-b933c68 elementor-widget elementor-widget-image\" data-id=\"b933c68\" data-element_type=\"widget\" data-e-type=\"widget\" data-widget_type=\"image.default\">\n\t\t\t\t<div class=\"elementor-widget-container\">\n\t\t\t\t\t\t\t\t\t\t\t\t\t\t\t<img decoding=\"async\" width=\"572\" height=\"541\" src=\"https:\/\/wiazownica.przemyska.pl\/wp-content\/uploads\/2025\/02\/Cipora2.jpg\" class=\"attachment-large size-large wp-image-8209\" alt=\"\" srcset=\"https:\/\/wiazownica.przemyska.pl\/wp-content\/uploads\/2025\/02\/Cipora2.jpg 572w, https:\/\/wiazownica.przemyska.pl\/wp-content\/uploads\/2025\/02\/Cipora2-300x284.jpg 300w\" sizes=\"(max-width: 572px) 100vw, 572px\" \/>\t\t\t\t\t\t\t\t\t\t\t\t\t\t\t<\/div>\n\t\t\t\t<\/div>\n\t\t\t\t<div class=\"elementor-element elementor-element-5b47de8 elementor-widget elementor-widget-text-editor\" data-id=\"5b47de8\" data-element_type=\"widget\" data-e-type=\"widget\" data-widget_type=\"text-editor.default\">\n\t\t\t\t<div class=\"elementor-widget-container\">\n\t\t\t\t\t\t\t\t\t<h3 style=\"text-align: center;\"><span style=\"color: #000080;\">Wikariusz<\/span><\/h3><p style=\"text-align: center;\"><span style=\"color: #393939;\"><strong>Ksi\u0105dz Bart\u0142omiej Cipora\u00a0<\/strong><\/span><br \/><span style=\"color: var( --e-global-color-text ); font-family: var( --e-global-typography-text-font-family ), Sans-serif; font-weight: var( --e-global-typography-text-font-weight ); background-color: var(--nv-site-bg); font-size: var(--bodyfontsize); letter-spacing: var(--bodyletterspacing); text-transform: var(--bodytexttransform);\"><br \/>Data \u015bwi\u0119ce\u0144: 18.05.2024 r.\u00a0<br \/><\/span><span style=\"background-color: var(--nv-site-bg); color: var( --e-global-color-text ); font-family: var( --e-global-typography-text-font-family ), Sans-serif; font-size: var(--bodyfontsize); font-weight: var( --e-global-typography-text-font-weight ); letter-spacing: var(--bodyletterspacing); text-transform: var(--bodytexttransform);\">W parafii od sierpnia 2024 r.<\/span><\/p>\t\t\t\t\t\t\t\t<\/div>\n\t\t\t\t<\/div>\n\t\t\t\t\t<\/div>\n\t\t<\/div>\n\t\t\t\t\t<\/div>\n\t\t<\/section>\n\t\t\t\t<section class=\"elementor-section elementor-top-section elementor-element elementor-element-28b9aaf elementor-section-boxed elementor-section-height-default elementor-section-height-default\" data-id=\"28b9aaf\" data-element_type=\"section\" data-e-type=\"section\" data-settings=\"{&quot;background_background&quot;:&quot;classic&quot;}\">\n\t\t\t\t\t\t<div class=\"elementor-container elementor-column-gap-default\">\n\t\t\t\t\t<div class=\"elementor-column elementor-col-100 elementor-top-column elementor-element elementor-element-53546c4\" data-id=\"53546c4\" data-element_type=\"column\" data-e-type=\"column\">\n\t\t\t<div class=\"elementor-widget-wrap elementor-element-populated\">\n\t\t\t\t\t\t<div class=\"elementor-element elementor-element-9aaac7d elementor-widget elementor-widget-text-editor\" data-id=\"9aaac7d\" data-element_type=\"widget\" data-e-type=\"widget\" data-widget_type=\"text-editor.default\">\n\t\t\t\t<div class=\"elementor-widget-container\">\n\t\t\t\t\t\t\t\t\t<h4 class=\"has-accent-color has-text-color\">Katechetka<\/h4>\n<p><strong>Pani Sabina Kuta<\/strong><\/p>\t\t\t\t\t\t\t\t<\/div>\n\t\t\t\t<\/div>\n\t\t\t\t\t<\/div>\n\t\t<\/div>\n\t\t\t\t\t<\/div>\n\t\t<\/section>\n\t\t\t\t<section class=\"elementor-section elementor-top-section elementor-element elementor-element-e44f4c3 elementor-section-boxed elementor-section-height-default elementor-section-height-default\" data-id=\"e44f4c3\" data-element_type=\"section\" data-e-type=\"section\" data-settings=\"{&quot;background_background&quot;:&quot;classic&quot;}\">\n\t\t\t\t\t\t<div class=\"elementor-container elementor-column-gap-default\">\n\t\t\t\t\t<div class=\"elementor-column elementor-col-100 elementor-top-column elementor-element elementor-element-463d1a7\" data-id=\"463d1a7\" data-element_type=\"column\" data-e-type=\"column\">\n\t\t\t<div class=\"elementor-widget-wrap elementor-element-populated\">\n\t\t\t\t\t\t<div class=\"elementor-element elementor-element-59bda28 elementor-widget elementor-widget-text-editor\" data-id=\"59bda28\" data-element_type=\"widget\" data-e-type=\"widget\" data-widget_type=\"text-editor.default\">\n\t\t\t\t<div class=\"elementor-widget-container\">\n\t\t\t\t\t\t\t\t\t<h4 class=\"has-neve-link-color-color has-text-color\"><strong>Proboszczowie parafii Wi\u0105zownica:<\/strong><\/h4>\n<ol>\n<li><strong>Ks.\u00a0Leon \u015awitalski<\/strong><br \/>1865-1877<\/li>\n<li><strong>Ks.\u00a0Wojciech \u017bywicki<\/strong><br \/>1877-1887<\/li>\n<li><strong>Ks.\u00a0Walenty Trojnar<\/strong><br \/>1888-1931<\/li>\n<li><strong>Ks.\u00a0Stanis\u0142aw Sudo\u0142<\/strong><br \/>1931-1945<\/li>\n<li><strong>Ks.\u00a0J\u00f3zef Mi\u015b<\/strong><br \/>1945-1968<\/li>\n<li><strong>Ks.\u00a0W\u0142adys\u0142aw Prucnal<\/strong><br \/>1968-2001<\/li>\n<li><strong>Ks.\u00a0Adam Rejman<\/strong><br \/>2001-2021<\/li>\n<li><span style=\"color: #393939;\"><strong>Ks.\u00a0Jan Bober<\/strong><\/span><br \/><span style=\"color: #393939;\">od\u00a02021<\/span><\/li>\n<\/ol>\t\t\t\t\t\t\t\t<\/div>\n\t\t\t\t<\/div>\n\t\t\t\t\t<\/div>\n\t\t<\/div>\n\t\t\t\t\t<\/div>\n\t\t<\/section>\n\t\t\t\t<\/div>\n\t\t","protected":false},"excerpt":{"rendered":"<p>Proboszcz Ksi\u0105dz dr Jan Bober Data \u015bwi\u0119ce\u0144: 26.05.1996 r. W parafii od sierpnia 2021 r. Wikariusz Ksi\u0105dz Bart\u0142omiej Cipora\u00a0 Data \u015bwi\u0119ce\u0144: 18.05.2024 r.\u00a0W parafii od sierpnia 2024 r. Katechetka Pani Sabina Kuta Proboszczowie parafii Wi\u0105zownica: Ks.\u00a0Leon \u015awitalski1865-1877 Ks.\u00a0Wojciech \u017bywicki1877-1887 Ks.\u00a0Walenty Trojnar1888-1931 Ks.\u00a0Stanis\u0142aw Sudo\u01421931-1945 Ks.\u00a0J\u00f3zef Mi\u015b1945-1968 Ks.\u00a0W\u0142adys\u0142aw Prucnal1968-2001 Ks.\u00a0Adam Rejman2001-2021 Ks.\u00a0Jan Boberod\u00a02021<\/p>\n","protected":false},"author":1,"featured_media":0,"parent":415,"menu_order":0,"comment_status":"closed","ping_status":"closed","template":"","meta":{"neve_meta_sidebar":"","neve_meta_container":"","neve_meta_enable_content_width":"","neve_meta_content_width":0,"neve_meta_title_alignment":"","neve_meta_author_avatar":"","neve_post_elements_order":"","neve_meta_disable_header":"","neve_meta_disable_footer":"","neve_meta_disable_title":"","footnotes":""},"class_list":["post-413","page","type-page","status-publish","hentry"],"_links":{"self":[{"href":"https:\/\/wiazownica.przemyska.pl\/index.php\/wp-json\/wp\/v2\/pages\/413","targetHints":{"allow":["GET"]}}],"collection":[{"href":"https:\/\/wiazownica.przemyska.pl\/index.php\/wp-json\/wp\/v2\/pages"}],"about":[{"href":"https:\/\/wiazownica.przemyska.pl\/index.php\/wp-json\/wp\/v2\/types\/page"}],"author":[{"embeddable":true,"href":"https:\/\/wiazownica.przemyska.pl\/index.php\/wp-json\/wp\/v2\/users\/1"}],"replies":[{"embeddable":true,"href":"https:\/\/wiazownica.przemyska.pl\/index.php\/wp-json\/wp\/v2\/comments?post=413"}],"version-history":[{"count":50,"href":"https:\/\/wiazownica.przemyska.pl\/index.php\/wp-json\/wp\/v2\/pages\/413\/revisions"}],"predecessor-version":[{"id":8215,"href":"https:\/\/wiazownica.przemyska.pl\/index.php\/wp-json\/wp\/v2\/pages\/413\/revisions\/8215"}],"up":[{"embeddable":true,"href":"https:\/\/wiazownica.przemyska.pl\/index.php\/wp-json\/wp\/v2\/pages\/415"}],"wp:attachment":[{"href":"https:\/\/wiazownica.przemyska.pl\/index.php\/wp-json\/wp\/v2\/media?parent=413"}],"curies":[{"name":"wp","href":"https:\/\/api.w.org\/{rel}","templated":true}]}}